{"id":7318,"date":"2021-11-22T18:57:40","date_gmt":"2021-11-22T18:57:40","guid":{"rendered":"https:\/\/capriccioli.it\/?page_id=7318"},"modified":"2021-11-22T19:19:40","modified_gmt":"2021-11-22T19:19:40","slug":"fondo-resisto","status":"publish","type":"page","link":"https:\/\/capriccioli.it\/fr\/je-resiste-au-fond\/","title":{"rendered":"FONDS (R)ESIST"},"content":{"rendered":"<div data-elementor-type=\"wp-page\" data-elementor-id=\"7318\" class=\"elementor elementor-7318\" data-elementor-post-type=\"page\">\n\t\t\t\t\t\t<section class=\"elementor-section elementor-top-section elementor-element elementor-element-ed1b5b5 elementor-section-boxed elementor-section-height-default elementor-section-height-default\" data-id=\"ed1b5b5\" data-element_type=\"section\">\n\t\t\t\t\t\t<div class=\"elementor-container elementor-column-gap-default\">\n\t\t\t\t\t<div class=\"elementor-column elementor-col-100 elementor-top-column elementor-element elementor-element-91afab3\" data-id=\"91afab3\" data-element_type=\"column\">\n\t\t\t<div class=\"elementor-widget-wrap elementor-element-populated\">\n\t\t\t\t\t\t<div class=\"elementor-element elementor-element-f3f272f elementor-widget elementor-widget-spacer\" data-id=\"f3f272f\" data-element_type=\"widget\" data-widget_type=\"spacer.default\">\n\t\t\t\t<div class=\"elementor-widget-container\">\n\t\t\t\t\t\t\t<div class=\"elementor-spacer\">\n\t\t\t<div class=\"elementor-spacer-inner\"><\/div>\n\t\t<\/div>\n\t\t\t\t\t\t<\/div>\n\t\t\t\t<\/div>\n\t\t\t\t<div class=\"elementor-element elementor-element-a7e4fe2 elementor-widget elementor-widget-heading\" data-id=\"a7e4fe2\" data-element_type=\"widget\" data-widget_type=\"heading.default\">\n\t\t\t\t<div class=\"elementor-widget-container\">\n\t\t\t\t\t<h2 class=\"elementor-heading-title elementor-size-default\">FONDS (R)ESIST\n<\/h2>\t\t\t\t<\/div>\n\t\t\t\t<\/div>\n\t\t\t\t<div class=\"elementor-element elementor-element-2b01a15 elementor-widget elementor-widget-text-editor\" data-id=\"2b01a15\" data-element_type=\"widget\" data-widget_type=\"text-editor.default\">\n\t\t\t\t<div class=\"elementor-widget-container\">\n\t\t\t\t\t\t\t\t\t<p>Avis public pour l&#039;octroi de subventions aux entreprises et aux travailleurs ind\u00e9pendants<br \/><i>ex art 14 LR n. 22\/2020<\/i><\/p>\t\t\t\t\t\t\t\t<\/div>\n\t\t\t\t<\/div>\n\t\t\t\t<div class=\"elementor-element elementor-element-c9fcc77 elementor-widget elementor-widget-heading\" data-id=\"c9fcc77\" data-element_type=\"widget\" data-widget_type=\"heading.default\">\n\t\t\t\t<div class=\"elementor-widget-container\">\n\t\t\t\t\t<h2 class=\"elementor-heading-title elementor-size-default\">Teti Srl<\/h2>\t\t\t\t<\/div>\n\t\t\t\t<\/div>\n\t\t\t\t<div class=\"elementor-element elementor-element-2c9225f elementor-widget elementor-widget-image\" data-id=\"2c9225f\" data-element_type=\"widget\" data-widget_type=\"image.default\">\n\t\t\t\t<div class=\"elementor-widget-container\">\n\t\t\t\t\t\t\t\t\t\t\t\t\t\t\t<img fetchpriority=\"high\" decoding=\"async\" width=\"2013\" height=\"283\" src=\"https:\/\/capriccioli.it\/wp-content\/uploads\/2018\/12\/Image1.jpeg\" class=\"attachment-full size-full wp-image-7316\" alt=\"\" srcset=\"https:\/\/capriccioli.it\/wp-content\/uploads\/2018\/12\/Image1.jpeg 2013w, https:\/\/capriccioli.it\/wp-content\/uploads\/2018\/12\/Image1-300x42.jpeg 300w, https:\/\/capriccioli.it\/wp-content\/uploads\/2018\/12\/Image1-1024x144.jpeg 1024w, https:\/\/capriccioli.it\/wp-content\/uploads\/2018\/12\/Image1-768x108.jpeg 768w, https:\/\/capriccioli.it\/wp-content\/uploads\/2018\/12\/Image1-1536x216.jpeg 1536w, https:\/\/capriccioli.it\/wp-content\/uploads\/2018\/12\/Image1-18x3.jpeg 18w, https:\/\/capriccioli.it\/wp-content\/uploads\/2018\/12\/Image1-500x70.jpeg 500w, https:\/\/capriccioli.it\/wp-content\/uploads\/2018\/12\/Image1-800x112.jpeg 800w, https:\/\/capriccioli.it\/wp-content\/uploads\/2018\/12\/Image1-1280x180.jpeg 1280w, https:\/\/capriccioli.it\/wp-content\/uploads\/2018\/12\/Image1-1920x270.jpeg 1920w, https:\/\/capriccioli.it\/wp-content\/uploads\/2018\/12\/Image1-600x84.jpeg 600w\" sizes=\"(max-width: 2013px) 100vw, 2013px\" \/>\t\t\t\t\t\t\t\t\t\t\t\t\t\t\t<\/div>\n\t\t\t\t<\/div>\n\t\t\t\t<div class=\"elementor-element elementor-element-143aedf elementor-widget elementor-widget-text-editor\" data-id=\"143aedf\" data-element_type=\"widget\" data-widget_type=\"text-editor.default\">\n\t\t\t\t<div class=\"elementor-widget-container\">\n\t\t\t\t\t\t\t\t\t<p><b>La soci\u00e9t\u00e9 Teti SRL<\/b> a b\u00e9n\u00e9fici\u00e9 de l&#039;aide soutenue par l&#039;Union europ\u00e9enne dans le cadre du POR Sardegna FSE 2014\/2020 pour une valeur \u00e9gale \u00e0 <b>53 000 euros\/00.<\/b><\/p><p>Plus pr\u00e9cis\u00e9ment, l\u2019intervention rel\u00e8ve de l\u2019avis public <b>FONDS (R)ESIST<\/b> \u2013 Avis public pour l\u2019octroi de subventions aux entreprises et aux travailleurs ind\u00e9pendants, conform\u00e9ment \u00e0 l\u2019art. 14 de la loi r\u00e9gionale n\u00b0 22\/2020. POR Sardegna FSE 2014-2020, et est mis en \u0153uvre avec les ressources du Programme Op\u00e9rationnel R\u00e9gional cofinanc\u00e9 avec le Fonds Social Europ\u00e9en 2014\/2020 de la R\u00e9gion Sardaigne.<\/p>\t\t\t\t\t\t\t\t<\/div>\n\t\t\t\t<\/div>\n\t\t\t\t<div class=\"elementor-element elementor-element-243e7a5 elementor-widget elementor-widget-text-editor\" data-id=\"243e7a5\" data-element_type=\"widget\" data-widget_type=\"text-editor.default\">\n\t\t\t\t<div class=\"elementor-widget-container\">\n\t\t\t\t\t\t\t\t\t<p><b>POR FSE 2014-2020<\/b><\/p><p>INVESTISSEMENTS POUR LA CROISSANCE ET L&#039;EMPLOI<br \/>AXE I \u2013 EMPLOI<br \/>PRIORIT\u00c9 D&#039;INVESTISSEMENT 8.V)<br \/>ADAPTATION DES TRAVAILLEURS, DES ENTREPRISES ET DES ENTREPRENEURS AU CHANGEMENT<br \/>OBJECTIF SP\u00c9CIFIQUE 8.6<br \/>FAVORISER LA R\u00c9TENTION ET LA D\u00c9LOCALISATION DES TRAVAILLEURS<br \/>IMPLIQU\u00c9 DANS DES SITUATIONS DE CRISE ACTION 8.6.6.C<\/p>\t\t\t\t\t\t\t\t<\/div>\n\t\t\t\t<\/div>\n\t\t\t\t<div class=\"elementor-element elementor-element-970b08a elementor-widget elementor-widget-spacer\" data-id=\"970b08a\" data-element_type=\"widget\" data-widget_type=\"spacer.default\">\n\t\t\t\t<div class=\"elementor-widget-container\">\n\t\t\t\t\t\t\t<div class=\"elementor-spacer\">\n\t\t\t<div class=\"elementor-spacer-inner\"><\/div>\n\t\t<\/div>\n\t\t\t\t\t\t<\/div>\n\t\t\t\t<\/div>\n\t\t\t\t\t<\/div>\n\t\t<\/div>\n\t\t\t\t\t<\/div>\n\t\t<\/section>\n\t\t\t\t<\/div>","protected":false},"excerpt":{"rendered":"<p>Avis public FONDS (R)ESISTO pour l&#039;octroi de subventions aux entreprises et aux travailleurs ind\u00e9pendants conform\u00e9ment \u00e0 l&#039;art. 14 LR n\u00b0 22\/2020 Teti Srl. La soci\u00e9t\u00e9 Teti SRL a b\u00e9n\u00e9fici\u00e9 d&#039;une aide de l&#039;Union europ\u00e9enne au titre du POR Sardaigne FSE 2014\/2020, d&#039;un montant de 53\u00a0000 \u20ac. Plus pr\u00e9cis\u00e9ment, l&#039;intervention rel\u00e8ve de l&#039;avis public FONDS (R)ESISTO [\u2026]<\/p>","protected":false},"author":1,"featured_media":0,"parent":0,"menu_order":0,"comment_status":"closed","ping_status":"closed","template":"elementor_header_footer","meta":{"_vp_format_video_url":"","_vp_image_focal_point":[],"footnotes":""},"class_list":["post-7318","page","type-page","status-publish","hentry"],"yoast_head":"<!-- This site is optimized with the Yoast SEO plugin v27.2 - https:\/\/yoast.com\/product\/yoast-seo-wordpress\/ -->\n<title>FONDO (R)ESISTO | Residenza Capriccioli<\/title>\n<meta name=\"robots\" content=\"index, follow, max-snippet:-1, max-image-preview:large, max-video-preview:-1\" \/>\n<link rel=\"canonical\" href=\"https:\/\/capriccioli.it\/fr\/je-resiste-au-fond\/\" \/>\n<meta property=\"og:locale\" content=\"fr_FR\" \/>\n<meta property=\"og:type\" content=\"article\" \/>\n<meta property=\"og:title\" content=\"FONDO (R)ESISTO | Residenza Capriccioli\" \/>\n<meta property=\"og:description\" content=\"FONDO (R)ESISTO Avviso pubblico per la concessione di sovvenzioni a favore delle imprese e dei lavoratori autonomiex art 14 L.R. n. 22\/2020 Teti Srl L\u2019impresa Teti SRL \u00e8 risultata Beneficiaria dell\u2019Aiuto sostenuto dall\u2019Unione Europea nell\u2019ambito del POR Sardegna FSE 2014\/2020 per un valore pari ad euro 53.000\/00. Nello specifico, l\u2019intervento ricade sull\u2019Avviso pubblico FONDO (R)ESISTO [&hellip;]\" \/>\n<meta property=\"og:url\" content=\"https:\/\/capriccioli.it\/fr\/je-resiste-au-fond\/\" \/>\n<meta property=\"og:site_name\" content=\"Residenza Capriccioli\" \/>\n<meta property=\"article:modified_time\" content=\"2021-11-22T19:19:40+00:00\" \/>\n<meta property=\"og:image\" content=\"https:\/\/capriccioli.it\/wp-content\/uploads\/2018\/12\/Image1.jpeg\" \/>\n<meta name=\"twitter:card\" content=\"summary_large_image\" \/>\n<meta name=\"twitter:label1\" content=\"Dur\u00e9e de lecture estim\u00e9e\" \/>\n\t<meta name=\"twitter:data1\" content=\"1 minute\" \/>\n<script type=\"application\/ld+json\" class=\"yoast-schema-graph\">{\"@context\":\"https:\/\/schema.org\",\"@graph\":[{\"@type\":\"WebPage\",\"@id\":\"https:\/\/capriccioli.it\/fondo-resisto\/\",\"url\":\"https:\/\/capriccioli.it\/fondo-resisto\/\",\"name\":\"FONDO (R)ESISTO | Residenza Capriccioli\",\"isPartOf\":{\"@id\":\"https:\/\/capriccioli.it\/#website\"},\"primaryImageOfPage\":{\"@id\":\"https:\/\/capriccioli.it\/fondo-resisto\/#primaryimage\"},\"image\":{\"@id\":\"https:\/\/capriccioli.it\/fondo-resisto\/#primaryimage\"},\"thumbnailUrl\":\"https:\/\/capriccioli.it\/wp-content\/uploads\/2018\/12\/Image1.jpeg\",\"datePublished\":\"2021-11-22T18:57:40+00:00\",\"dateModified\":\"2021-11-22T19:19:40+00:00\",\"breadcrumb\":{\"@id\":\"https:\/\/capriccioli.it\/fondo-resisto\/#breadcrumb\"},\"inLanguage\":\"fr-FR\",\"potentialAction\":[{\"@type\":\"ReadAction\",\"target\":[\"https:\/\/capriccioli.it\/fondo-resisto\/\"]}]},{\"@type\":\"ImageObject\",\"inLanguage\":\"fr-FR\",\"@id\":\"https:\/\/capriccioli.it\/fondo-resisto\/#primaryimage\",\"url\":\"https:\/\/capriccioli.it\/wp-content\/uploads\/2018\/12\/Image1.jpeg\",\"contentUrl\":\"https:\/\/capriccioli.it\/wp-content\/uploads\/2018\/12\/Image1.jpeg\"},{\"@type\":\"BreadcrumbList\",\"@id\":\"https:\/\/capriccioli.it\/fondo-resisto\/#breadcrumb\",\"itemListElement\":[{\"@type\":\"ListItem\",\"position\":1,\"name\":\"Home\",\"item\":\"https:\/\/capriccioli.it\/\"},{\"@type\":\"ListItem\",\"position\":2,\"name\":\"FONDO (R)ESISTO\"}]},{\"@type\":\"WebSite\",\"@id\":\"https:\/\/capriccioli.it\/#website\",\"url\":\"https:\/\/capriccioli.it\/\",\"name\":\"Residenza Capriccioli\",\"description\":\"Costa Smeralda\",\"publisher\":{\"@id\":\"https:\/\/capriccioli.it\/#organization\"},\"potentialAction\":[{\"@type\":\"SearchAction\",\"target\":{\"@type\":\"EntryPoint\",\"urlTemplate\":\"https:\/\/capriccioli.it\/?s={search_term_string}\"},\"query-input\":{\"@type\":\"PropertyValueSpecification\",\"valueRequired\":true,\"valueName\":\"search_term_string\"}}],\"inLanguage\":\"fr-FR\"},{\"@type\":\"Organization\",\"@id\":\"https:\/\/capriccioli.it\/#organization\",\"name\":\"Residenza Capriccioli\",\"url\":\"https:\/\/capriccioli.it\/\",\"logo\":{\"@type\":\"ImageObject\",\"inLanguage\":\"fr-FR\",\"@id\":\"https:\/\/capriccioli.it\/#\/schema\/logo\/image\/\",\"url\":\"https:\/\/capriccioli.it\/wp-content\/uploads\/2018\/12\/capriccioli-logo-web.svg\",\"contentUrl\":\"https:\/\/capriccioli.it\/wp-content\/uploads\/2018\/12\/capriccioli-logo-web.svg\",\"width\":1,\"height\":1,\"caption\":\"Residenza Capriccioli\"},\"image\":{\"@id\":\"https:\/\/capriccioli.it\/#\/schema\/logo\/image\/\"}}]}<\/script>\n<!-- \/ Yoast SEO plugin. -->","yoast_head_json":{"title":"FONDO (R)ESISTO | Residenza Capriccioli","robots":{"index":"index","follow":"follow","max-snippet":"max-snippet:-1","max-image-preview":"max-image-preview:large","max-video-preview":"max-video-preview:-1"},"canonical":"https:\/\/capriccioli.it\/fr\/je-resiste-au-fond\/","og_locale":"fr_FR","og_type":"article","og_title":"FONDO (R)ESISTO | Residenza Capriccioli","og_description":"FONDO (R)ESISTO Avviso pubblico per la concessione di sovvenzioni a favore delle imprese e dei lavoratori autonomiex art 14 L.R. n. 22\/2020 Teti Srl L\u2019impresa Teti SRL \u00e8 risultata Beneficiaria dell\u2019Aiuto sostenuto dall\u2019Unione Europea nell\u2019ambito del POR Sardegna FSE 2014\/2020 per un valore pari ad euro 53.000\/00. Nello specifico, l\u2019intervento ricade sull\u2019Avviso pubblico FONDO (R)ESISTO [&hellip;]","og_url":"https:\/\/capriccioli.it\/fr\/je-resiste-au-fond\/","og_site_name":"Residenza Capriccioli","article_modified_time":"2021-11-22T19:19:40+00:00","og_image":[{"url":"https:\/\/capriccioli.it\/wp-content\/uploads\/2018\/12\/Image1.jpeg","type":"","width":"","height":""}],"twitter_card":"summary_large_image","twitter_misc":{"Dur\u00e9e de lecture estim\u00e9e":"1 minute"},"schema":{"@context":"https:\/\/schema.org","@graph":[{"@type":"WebPage","@id":"https:\/\/capriccioli.it\/fondo-resisto\/","url":"https:\/\/capriccioli.it\/fondo-resisto\/","name":"FONDO (R)ESISTO | Residenza Capriccioli","isPartOf":{"@id":"https:\/\/capriccioli.it\/#website"},"primaryImageOfPage":{"@id":"https:\/\/capriccioli.it\/fondo-resisto\/#primaryimage"},"image":{"@id":"https:\/\/capriccioli.it\/fondo-resisto\/#primaryimage"},"thumbnailUrl":"https:\/\/capriccioli.it\/wp-content\/uploads\/2018\/12\/Image1.jpeg","datePublished":"2021-11-22T18:57:40+00:00","dateModified":"2021-11-22T19:19:40+00:00","breadcrumb":{"@id":"https:\/\/capriccioli.it\/fondo-resisto\/#breadcrumb"},"inLanguage":"fr-FR","potentialAction":[{"@type":"ReadAction","target":["https:\/\/capriccioli.it\/fondo-resisto\/"]}]},{"@type":"ImageObject","inLanguage":"fr-FR","@id":"https:\/\/capriccioli.it\/fondo-resisto\/#primaryimage","url":"https:\/\/capriccioli.it\/wp-content\/uploads\/2018\/12\/Image1.jpeg","contentUrl":"https:\/\/capriccioli.it\/wp-content\/uploads\/2018\/12\/Image1.jpeg"},{"@type":"BreadcrumbList","@id":"https:\/\/capriccioli.it\/fondo-resisto\/#breadcrumb","itemListElement":[{"@type":"ListItem","position":1,"name":"Home","item":"https:\/\/capriccioli.it\/"},{"@type":"ListItem","position":2,"name":"FONDO (R)ESISTO"}]},{"@type":"WebSite","@id":"https:\/\/capriccioli.it\/#website","url":"https:\/\/capriccioli.it\/","name":"Residenza Capriccioli","description":"Costa Smeralda","publisher":{"@id":"https:\/\/capriccioli.it\/#organization"},"potentialAction":[{"@type":"SearchAction","target":{"@type":"EntryPoint","urlTemplate":"https:\/\/capriccioli.it\/?s={search_term_string}"},"query-input":{"@type":"PropertyValueSpecification","valueRequired":true,"valueName":"search_term_string"}}],"inLanguage":"fr-FR"},{"@type":"Organization","@id":"https:\/\/capriccioli.it\/#organization","name":"Residenza Capriccioli","url":"https:\/\/capriccioli.it\/","logo":{"@type":"ImageObject","inLanguage":"fr-FR","@id":"https:\/\/capriccioli.it\/#\/schema\/logo\/image\/","url":"https:\/\/capriccioli.it\/wp-content\/uploads\/2018\/12\/capriccioli-logo-web.svg","contentUrl":"https:\/\/capriccioli.it\/wp-content\/uploads\/2018\/12\/capriccioli-logo-web.svg","width":1,"height":1,"caption":"Residenza Capriccioli"},"image":{"@id":"https:\/\/capriccioli.it\/#\/schema\/logo\/image\/"}}]}},"_links":{"self":[{"href":"https:\/\/capriccioli.it\/fr\/wp-json\/wp\/v2\/pages\/7318","targetHints":{"allow":["GET"]}}],"collection":[{"href":"https:\/\/capriccioli.it\/fr\/wp-json\/wp\/v2\/pages"}],"about":[{"href":"https:\/\/capriccioli.it\/fr\/wp-json\/wp\/v2\/types\/page"}],"author":[{"embeddable":true,"href":"https:\/\/capriccioli.it\/fr\/wp-json\/wp\/v2\/users\/1"}],"replies":[{"embeddable":true,"href":"https:\/\/capriccioli.it\/fr\/wp-json\/wp\/v2\/comments?post=7318"}],"version-history":[{"count":5,"href":"https:\/\/capriccioli.it\/fr\/wp-json\/wp\/v2\/pages\/7318\/revisions"}],"predecessor-version":[{"id":7339,"href":"https:\/\/capriccioli.it\/fr\/wp-json\/wp\/v2\/pages\/7318\/revisions\/7339"}],"wp:attachment":[{"href":"https:\/\/capriccioli.it\/fr\/wp-json\/wp\/v2\/media?parent=7318"}],"curies":[{"name":"wp","href":"https:\/\/api.w.org\/{rel}","templated":true}]}}